{"id":4261,"date":"2025-04-25T09:17:51","date_gmt":"2025-04-25T09:17:51","guid":{"rendered":"https:\/\/frankrechsteiner.de\/mens-retreats\/"},"modified":"2026-04-01T18:32:38","modified_gmt":"2026-04-01T18:32:38","slug":"mens-retreats","status":"publish","type":"page","link":"https:\/\/frankrechsteiner.de\/en\/mens-retreats\/","title":{"rendered":"CEO Private Retreat in South Africa"},"content":{"rendered":"<p>[et_pb_section fb_built=&#8221;1&#8243; admin_label=&#8221;Section&#8221; _builder_version=&#8221;4.27.4&#8243; _module_preset=&#8221;default&#8221; background_enable_image=&#8221;off&#8221; background_position=&#8221;top_center&#8221; background_vertical_offset=&#8221;37%&#8221; custom_margin=&#8221;||||false|false&#8221; custom_padding=&#8221;0px||0px||false|false&#8221; bottom_divider_color=&#8221;#ffffff&#8221; bottom_divider_height=&#8221;150px&#8221; bottom_divider_repeat=&#8221;1x&#8221; bottom_divider_flip=&#8221;horizontal&#8221; bottom_divider_height_tablet=&#8221;150px&#8221; bottom_divider_height_phone=&#8221;75px&#8221; bottom_divider_height_last_edited=&#8221;on|phone&#8221; border_width_bottom=&#8221;1px&#8221; border_color_bottom=&#8221;rgba(0,0,0,0.15)&#8221; global_colors_info=&#8221;{}&#8221;][et_pb_row column_structure=&#8221;1_2,1_2&#8243; use_custom_gutter=&#8221;on&#8221; gutter_width=&#8221;1&#8243; make_equal=&#8221;on&#8221; _builder_version=&#8221;4.27.4&#8243; _module_preset=&#8221;default&#8221; transform_translate_linked=&#8221;off&#8221; width=&#8221;100%&#8221; max_width=&#8221;3440px&#8221; min_height_tablet=&#8221;500px&#8221; min_height_phone=&#8221;400px&#8221; min_height_last_edited=&#8221;off|desktop&#8221; custom_margin=&#8221;||0px||false|false&#8221; global_colors_info=&#8221;{}&#8221;][et_pb_column type=&#8221;1_2&#8243; _builder_version=&#8221;4.27.4&#8243; _module_preset=&#8221;default&#8221; use_background_color_gradient=&#8221;on&#8221; background_color_gradient_stops=&#8221;rgba(0,0,0,0.6) 0%|rgba(0,0,0,0.6) 100%&#8221; background_color_gradient_overlays_image=&#8221;on&#8221; background_image=&#8221;https:\/\/frankrechsteiner.de\/wp-content\/uploads\/2025\/04\/Home-bg-1.webp&#8221; custom_padding=&#8221;150px|5%|150px|5%|true|true&#8221; custom_padding_tablet=&#8221;75px||75px||true|true&#8221; custom_padding_phone=&#8221;75px||75px||true|true&#8221; custom_padding_last_edited=&#8221;on|phone&#8221; global_colors_info=&#8221;{}&#8221;][et_pb_text disabled_on=&#8221;off|off|off&#8221; _builder_version=&#8221;4.27.6&#8243; _module_preset=&#8221;c1ea0ce8-fa26-4ab1-8333-6788dcc9131f&#8221; header_font_size=&#8221;45px&#8221; background_color=&#8221;#FFFFFF&#8221; max_width=&#8221;540px&#8221; max_width_tablet=&#8221;100%&#8221; max_width_phone=&#8221;100%&#8221; max_width_last_edited=&#8221;on|desktop&#8221; module_alignment=&#8221;left&#8221; custom_margin=&#8221;||0px||false|false&#8221; custom_padding=&#8221;15px|30px|15px|30px|true|true&#8221; header_text_color_phone=&#8221;#000000&#8243; header_text_color_last_edited=&#8221;off|phone&#8221; header_font_size_tablet=&#8221;32px&#8221; header_font_size_phone=&#8221;31px&#8221; header_font_size_last_edited=&#8221;on|tablet&#8221; global_colors_info=&#8221;{}&#8221;]<\/p>\n<h1>CEO Private Retreat in South Africa<\/h1>\n<p>[\/et_pb_text][et_pb_text content_tablet=&#8221;Together we activate your potential that has always been there<a href=%22https:\/\/frankrechsteiner.de\/en\/c-level-personality-development-for-your-inner-career\/%22>(click here for more<\/a>).<br \/>\n&#8221; content_phone=&#8221;<\/p>\n<p>As a CEO \/ managing director, you have achieved pretty much everything in your so-called \u201cexternal career\u201d and at the same time you are increasingly feeling that you have reached a dead end internally and &#8230; <a href=%22https:\/\/frankrechsteiner.de\/arbeitgeber\/%22>(click here for more<\/a>)<\/p>\n<\/p>\n<p>&#8221; content_last_edited=&#8221;off|desktop&#8221; disabled_on=&#8221;off|off|off&#8221; _builder_version=&#8221;4.27.6&#8243; _module_preset=&#8221;default&#8221; text_text_color=&#8221;#FFFFFF&#8221; text_font_size=&#8221;20px&#8221; text_line_height=&#8221;140%&#8221; link_font=&#8221;||||on|||rgba(255,255,255,0.5)|&#8221; link_text_color=&#8221;rgba(255,255,255,0.5)&#8221; max_width=&#8221;540px&#8221; max_width_tablet=&#8221;100%&#8221; max_width_phone=&#8221;100%&#8221; max_width_last_edited=&#8221;on|phone&#8221; custom_margin=&#8221;||35px||false|false&#8221; custom_padding=&#8221;25px|30px|25px|30px|true|true&#8221; text_font_size_phone=&#8221;23px&#8221; border_width_left=&#8221;5px&#8221; border_color_left=&#8221;#FFFFFF&#8221; global_colors_info=&#8221;{}&#8221;]8 CEOs. 3 days. Decisions you can&#8217;t delegate.[\/et_pb_text][\/et_pb_column][et_pb_column type=&#8221;1_2&#8243; _builder_version=&#8221;4.27.4&#8243; _module_preset=&#8221;default&#8221; use_background_color_gradient=&#8221;on&#8221; background_color_gradient_stops=&#8221;rgba(0,0,0,0.1) 0%|rgba(0,0,0,0.1) 100%&#8221; background_color_gradient_overlays_image=&#8221;on&#8221; background_image=&#8221;https:\/\/frankrechsteiner.de\/wp-content\/uploads\/2025\/04\/Retreat-bg-1.webp&#8221; global_colors_info=&#8221;{}&#8221; custom_css_main_element_last_edited=&#8221;on|phone&#8221; custom_css_main_element_tablet=&#8221;min-height: 600px !important;&#8221; custom_css_main_element_phone=&#8221;min-height: 400px !important;&#8221;][\/et_pb_column][\/et_pb_row][\/et_pb_section][et_pb_section fb_built=&#8221;1&#8243; custom_padding_last_edited=&#8221;on|phone&#8221; _builder_version=&#8221;4.27.6&#8243; _module_preset=&#8221;4895b9d7-8356-41b4-a035-935bad6f8432&#8243; background_color=&#8221;RGBA(255,255,255,0)&#8221; z_index=&#8221;1&#8243; overflow-x=&#8221;visible&#8221; overflow-y=&#8221;visible&#8221; custom_padding=&#8221;150px||100px||false|false&#8221; custom_padding_tablet=&#8221;75px||0px||false|false&#8221; custom_padding_phone=&#8221;100px||0px||false|false&#8221; global_colors_info=&#8221;{}&#8221; locked=&#8221;off&#8221;][et_pb_row _builder_version=&#8221;4.27.6&#8243; _module_preset=&#8221;default&#8221; custom_margin=&#8221;|auto|100px|auto|false|false&#8221; custom_margin_tablet=&#8221;|auto|0px|auto|false|false&#8221; custom_margin_phone=&#8221;|auto|0px|auto|false|false&#8221; custom_margin_last_edited=&#8221;on|phone&#8221; scroll_fade_enable=&#8221;on&#8221; scroll_fade=&#8221;15|50|50|100|0|100|100&#8243; scroll_scaling_enable=&#8221;on&#8221; scroll_scaling=&#8221;0|50|50|100|85%|100|100&#8243; hover_enabled=&#8221;0&#8243; global_colors_info=&#8221;{}&#8221; sticky_enabled=&#8221;0&#8243;][et_pb_column type=&#8221;4_4&#8243; _builder_version=&#8221;4.27.4&#8243; _module_preset=&#8221;default&#8221; global_colors_info=&#8221;{}&#8221;][et_pb_text _builder_version=&#8221;4.27.6&#8243; _module_preset=&#8221;default&#8221; header_2_text_align=&#8221;center&#8221; header_2_font_size=&#8221;35px&#8221; header_3_text_align=&#8221;left&#8221; max_width_tablet=&#8221;100%&#8221; max_width_phone=&#8221;100%&#8221; max_width_last_edited=&#8221;on|phone&#8221; module_alignment=&#8221;center&#8221; custom_margin=&#8221;||0px||false|false&#8221; custom_padding=&#8221;||0px||false|false&#8221; custom_padding_tablet=&#8221;||25px||false|false&#8221; custom_padding_phone=&#8221;||25px||false|false&#8221; custom_padding_last_edited=&#8221;on|phone&#8221; hover_enabled=&#8221;0&#8243; header_2_font_size_tablet=&#8221;22px&#8221; header_2_font_size_phone=&#8221;22px&#8221; header_2_font_size_last_edited=&#8221;on|desktop&#8221; global_colors_info=&#8221;{}&#8221; sticky_enabled=&#8221;0&#8243;]<\/p>\n<h3>CEO Private Retreat in South Africa<br \/>8 CEOs. 3 days. Decisions you can&#8217;t delegate.  <\/h3>\n<p>[\/et_pb_text][et_pb_text _builder_version=&#8221;4.27.6&#8243; _module_preset=&#8221;default&#8221; header_2_text_align=&#8221;center&#8221; header_2_font_size=&#8221;35px&#8221; header_3_text_align=&#8221;center&#8221; max_width_tablet=&#8221;100%&#8221; max_width_phone=&#8221;100%&#8221; max_width_last_edited=&#8221;on|phone&#8221; module_alignment=&#8221;left&#8221; custom_margin=&#8221;||0px||false|false&#8221; custom_padding=&#8221;||0px||false|false&#8221; custom_padding_tablet=&#8221;||25px||false|false&#8221; custom_padding_phone=&#8221;||25px||false|false&#8221; custom_padding_last_edited=&#8221;on|phone&#8221; hover_enabled=&#8221;0&#8243; header_2_font_size_tablet=&#8221;22px&#8221; header_2_font_size_phone=&#8221;22px&#8221; header_2_font_size_last_edited=&#8221;on|desktop&#8221; custom_css_free_form=&#8221;selector p {||  margin:20px 0px;||}||||selector ul li {||  margin:20px 40px;||}&#8221; global_colors_info=&#8221;{}&#8221; locked=&#8221;off&#8221; sticky_enabled=&#8221;0&#8243;]<\/p>\n<p>This is not a feel-good retreat, coaching or a leadership program.<\/p>\n<p>It is a closed room for 8 CEOs who understand that the real transformation does not start in the company &#8211; but with themselves.<\/p>\n<p>Access is by invitation only or after a personal meeting. It is not open to the public. <\/p>\n<p>[\/et_pb_text][\/et_pb_column][\/et_pb_row][et_pb_row _builder_version=&#8221;4.27.6&#8243; _module_preset=&#8221;default&#8221; custom_margin=&#8221;|auto|100px|auto|false|false&#8221; custom_margin_tablet=&#8221;|auto|0px|auto|false|false&#8221; custom_margin_phone=&#8221;|auto|0px|auto|false|false&#8221; custom_margin_last_edited=&#8221;on|phone&#8221; scroll_fade_enable=&#8221;on&#8221; scroll_fade=&#8221;15|50|50|100|0|100|100&#8243; scroll_scaling_enable=&#8221;on&#8221; scroll_scaling=&#8221;0|50|50|100|85%|100|100&#8243; hover_enabled=&#8221;0&#8243; global_colors_info=&#8221;{}&#8221; sticky_enabled=&#8221;0&#8243;][et_pb_column type=&#8221;4_4&#8243; _builder_version=&#8221;4.27.4&#8243; _module_preset=&#8221;default&#8221; global_colors_info=&#8221;{}&#8221;][et_pb_text _builder_version=&#8221;4.27.6&#8243; _module_preset=&#8221;default&#8221; header_2_text_align=&#8221;center&#8221; header_2_font_size=&#8221;35px&#8221; header_3_text_align=&#8221;center&#8221; max_width_tablet=&#8221;100%&#8221; max_width_phone=&#8221;100%&#8221; max_width_last_edited=&#8221;on|phone&#8221; module_alignment=&#8221;left&#8221; custom_margin=&#8221;||0px||false|false&#8221; custom_padding=&#8221;||0px||false|false&#8221; custom_padding_tablet=&#8221;||25px||false|false&#8221; custom_padding_phone=&#8221;||25px||false|false&#8221; custom_padding_last_edited=&#8221;on|phone&#8221; hover_enabled=&#8221;0&#8243; header_2_font_size_tablet=&#8221;22px&#8221; header_2_font_size_phone=&#8221;22px&#8221; header_2_font_size_last_edited=&#8221;on|desktop&#8221; custom_css_free_form=&#8221;selector p {||  margin:20px 0px;||}||||selector ul li {||  margin:20px 40px;||}&#8221; global_colors_info=&#8221;{}&#8221; locked=&#8221;off&#8221; sticky_enabled=&#8221;0&#8243;]<\/p>\n<p>What is the core issue? You are faced with decisions that you cannot delegate: <\/p>\n<ul>\n<li class=\"p2\">Which work is disappearing?<\/li>\n<li class=\"p2\">What skills does your company really need?<\/li>\n<li class=\"p2\">Who can support this change &#8211; and who can&#8217;t?<\/li>\n<\/ul>\n<p>[\/et_pb_text][\/et_pb_column][\/et_pb_row][et_pb_row _builder_version=&#8221;4.27.6&#8243; _module_preset=&#8221;default&#8221; custom_margin=&#8221;|auto|100px|auto|false|false&#8221; custom_margin_tablet=&#8221;|auto|0px|auto|false|false&#8221; custom_margin_phone=&#8221;|auto|0px|auto|false|false&#8221; custom_margin_last_edited=&#8221;on|phone&#8221; scroll_fade_enable=&#8221;on&#8221; scroll_fade=&#8221;15|50|50|100|0|100|100&#8243; scroll_scaling_enable=&#8221;on&#8221; scroll_scaling=&#8221;0|50|50|100|85%|100|100&#8243; hover_enabled=&#8221;0&#8243; global_colors_info=&#8221;{}&#8221; sticky_enabled=&#8221;0&#8243;][et_pb_column type=&#8221;4_4&#8243; _builder_version=&#8221;4.27.4&#8243; _module_preset=&#8221;default&#8221; global_colors_info=&#8221;{}&#8221;][et_pb_text _builder_version=&#8221;4.27.6&#8243; _module_preset=&#8221;default&#8221; header_2_text_align=&#8221;center&#8221; header_2_font_size=&#8221;35px&#8221; header_3_text_align=&#8221;center&#8221; max_width_tablet=&#8221;100%&#8221; max_width_phone=&#8221;100%&#8221; max_width_last_edited=&#8221;on|phone&#8221; module_alignment=&#8221;left&#8221; custom_margin=&#8221;||0px||false|false&#8221; custom_padding=&#8221;||0px||false|false&#8221; custom_padding_tablet=&#8221;||25px||false|false&#8221; custom_padding_phone=&#8221;||25px||false|false&#8221; custom_padding_last_edited=&#8221;on|phone&#8221; hover_enabled=&#8221;0&#8243; header_2_font_size_tablet=&#8221;22px&#8221; header_2_font_size_phone=&#8221;22px&#8221; header_2_font_size_last_edited=&#8221;on|desktop&#8221; custom_css_free_form=&#8221;selector p {||  margin:20px 0px;||}||||selector ul li {||  margin:20px 40px;||}&#8221; global_colors_info=&#8221;{}&#8221; locked=&#8221;off&#8221; sticky_enabled=&#8221;0&#8243;]<\/p>\n<p>And this is exactly where the truth lies:<\/p>\n<p>Your company will only develop as far as you yourself are able to gain clarity and make consistent decisions. 20-30% of your work disappears, up to 40% of skills lose value and speed determines market share. Most people know this. Very few act consistently.   <\/p>\n<p>These 3 days are not about knowledge. It&#8217;s about the things you avoid in everyday life. <\/p>\n<p>[\/et_pb_text][\/et_pb_column][\/et_pb_row][et_pb_row _builder_version=&#8221;4.27.6&#8243; _module_preset=&#8221;default&#8221; custom_margin=&#8221;|auto|100px|auto|false|false&#8221; custom_margin_tablet=&#8221;|auto|0px|auto|false|false&#8221; custom_margin_phone=&#8221;|auto|0px|auto|false|false&#8221; custom_margin_last_edited=&#8221;on|phone&#8221; scroll_fade_enable=&#8221;on&#8221; scroll_fade=&#8221;15|50|50|100|0|100|100&#8243; scroll_scaling_enable=&#8221;on&#8221; scroll_scaling=&#8221;0|50|50|100|85%|100|100&#8243; hover_enabled=&#8221;0&#8243; global_colors_info=&#8221;{}&#8221; sticky_enabled=&#8221;0&#8243;][et_pb_column type=&#8221;4_4&#8243; _builder_version=&#8221;4.27.4&#8243; _module_preset=&#8221;default&#8221; global_colors_info=&#8221;{}&#8221;][et_pb_text _builder_version=&#8221;4.27.6&#8243; _module_preset=&#8221;default&#8221; header_2_text_align=&#8221;center&#8221; header_2_font_size=&#8221;35px&#8221; header_3_text_align=&#8221;center&#8221; max_width_tablet=&#8221;100%&#8221; max_width_phone=&#8221;100%&#8221; max_width_last_edited=&#8221;on|phone&#8221; module_alignment=&#8221;left&#8221; custom_margin=&#8221;||0px||false|false&#8221; custom_padding=&#8221;||0px||false|false&#8221; custom_padding_tablet=&#8221;||25px||false|false&#8221; custom_padding_phone=&#8221;||25px||false|false&#8221; custom_padding_last_edited=&#8221;on|phone&#8221; hover_enabled=&#8221;0&#8243; header_2_font_size_tablet=&#8221;22px&#8221; header_2_font_size_phone=&#8221;22px&#8221; header_2_font_size_last_edited=&#8221;on|desktop&#8221; custom_css_free_form=&#8221;selector p {||  margin:20px 0px;||}||||selector ul li {||  margin:20px 40px;||}&#8221; global_colors_info=&#8221;{}&#8221; locked=&#8221;off&#8221; sticky_enabled=&#8221;0&#8243;]<\/p>\n<p class=\"p1\"><b>1 &#8211; Radical clarity<\/b><b><\/b><\/p>\n<p class=\"p1\">What is really decisive &#8211; and what is no longer decisive?<\/p>\n<p class=\"p1\"><b><\/b><\/p>\n<p class=\"p1\"><b>2 &#8211; Leadership under pressure<\/b><b><\/b><\/p>\n<p class=\"p1\">Making decisions even though not everything is clear<\/p>\n<p class=\"p1\"><b><\/b><\/p>\n<p class=\"p1\"><b>3 &#8211; Own role as CEO<\/b><b><\/b><\/p>\n<p class=\"p1\">Who do you have to become to carry this change?<\/p>\n<p class=\"p1\"><b><\/b><\/p>\n<p class=\"p1\"><b>4 &#8211; Rethinking work &amp; organization<\/b><b><\/b><\/p>\n<p class=\"p1\">Away from structure and towards real productivity<\/p>\n<p class=\"p1\"><b><\/b><\/p>\n<p class=\"p1\"><b>5 &#8211; Reskilling &amp; Reality<\/b><b><\/b><\/p>\n<p class=\"p1\">Who is developing &#8211; and who is not?<\/p>\n<p>[\/et_pb_text][\/et_pb_column][\/et_pb_row][\/et_pb_section][et_pb_section fb_built=&#8221;1&#8243; custom_padding_last_edited=&#8221;on|phone&#8221; _builder_version=&#8221;4.27.4&#8243; _module_preset=&#8221;default&#8221; background_color=&#8221;#EDEDED&#8221; background_enable_image=&#8221;off&#8221; custom_margin=&#8221;||0px||false|false&#8221; custom_padding=&#8221;150px||150px||true|false&#8221; custom_padding_tablet=&#8221;75px||75px||true|false&#8221; custom_padding_phone=&#8221;||||true|false&#8221; global_colors_info=&#8221;{}&#8221;][et_pb_row column_structure=&#8221;1_4,3_4&#8243; custom_padding_last_edited=&#8221;on|phone&#8221; _builder_version=&#8221;4.27.6&#8243; _module_preset=&#8221;default&#8221; custom_margin=&#8221;||75px||false|false&#8221; custom_padding=&#8221;0px||75px||false|false&#8221; custom_padding_tablet=&#8221;||40px||false|false&#8221; custom_padding_phone=&#8221;||40px||false|false&#8221; border_width_bottom=&#8221;1px&#8221; border_color_bottom=&#8221;rgba(0,0,0,0.1)&#8221; global_colors_info=&#8221;{}&#8221;][et_pb_column type=&#8221;1_4&#8243; _builder_version=&#8221;4.27.4&#8243; _module_preset=&#8221;default&#8221; global_colors_info=&#8221;{}&#8221;][et_pb_text _builder_version=&#8221;4.27.6&#8243; _module_preset=&#8221;default&#8221; header_2_font=&#8221;&#8211;et_global_heading_font||||||||&#8221; header_2_text_align=&#8221;center&#8221; header_3_text_align=&#8221;center&#8221; global_colors_info=&#8221;{}&#8221;]<\/p>\n<h3>The format<\/h3>\n<p>[\/et_pb_text][\/et_pb_column][et_pb_column type=&#8221;3_4&#8243; _builder_version=&#8221;4.27.4&#8243; _module_preset=&#8221;default&#8221; global_colors_info=&#8221;{}&#8221;][dsm_icon_list list_space_between=&#8221;16px&#8221; text_indent=&#8221;16px&#8221; image_max_width=&#8221;16px&#8221; _builder_version=&#8221;4.27.6&#8243; _module_preset=&#8221;default&#8221; text_font=&#8221;&#8211;et_global_heading_font||||||||&#8221; text_text_color=&#8221;#000000&#8243; text_font_size=&#8221;16px&#8221; text_line_height=&#8221;150%&#8221; background_color=&#8221;#FFFFFF&#8221; custom_padding=&#8221;35px|35px|35px|35px|true|true&#8221; text_font_size_tablet=&#8221;18px&#8221; text_font_size_phone=&#8221;18px&#8221; text_font_size_last_edited=&#8221;off|desktop&#8221; border_radii=&#8221;on|8px|8px|8px|8px&#8221; global_colors_info=&#8221;{}&#8221;][dsm_icon_list_child text=&#8221;8 CEOs (no exceptions)&#8221; use_icon=&#8221;off&#8221; image=&#8221;https:\/\/frankrechsteiner.de\/wp-content\/uploads\/\/2025\/04\/Retreat-icon-1.svg&#8221; _builder_version=&#8221;4.27.6&#8243; _module_preset=&#8221;default&#8221; global_colors_info=&#8221;{}&#8221;][\/dsm_icon_list_child][dsm_icon_list_child text=&#8221;3 days in a closed room&#8221; use_icon=&#8221;off&#8221; image=&#8221;https:\/\/frankrechsteiner.de\/wp-content\/uploads\/\/2025\/04\/Retreat-icon-1.svg&#8221; _builder_version=&#8221;4.27.6&#8243; _module_preset=&#8221;default&#8221; global_colors_info=&#8221;{}&#8221;][\/dsm_icon_list_child][dsm_icon_list_child text=&#8221;no publicity&#8221; use_icon=&#8221;off&#8221; image=&#8221;https:\/\/frankrechsteiner.de\/wp-content\/uploads\/\/2025\/04\/Retreat-icon-1.svg&#8221; _builder_version=&#8221;4.27.6&#8243; _module_preset=&#8221;default&#8221; global_colors_info=&#8221;{}&#8221;][\/dsm_icon_list_child][dsm_icon_list_child text=&#8221;No records&#8221; use_icon=&#8221;off&#8221; image=&#8221;https:\/\/frankrechsteiner.de\/wp-content\/uploads\/\/2025\/04\/Retreat-icon-1.svg&#8221; _builder_version=&#8221;4.27.6&#8243; _module_preset=&#8221;default&#8221; global_colors_info=&#8221;{}&#8221;][\/dsm_icon_list_child][dsm_icon_list_child text=&#8221;No standard methods&#8221; use_icon=&#8221;off&#8221; image=&#8221;https:\/\/frankrechsteiner.de\/wp-content\/uploads\/\/2025\/04\/Retreat-icon-1.svg&#8221; _builder_version=&#8221;4.27.6&#8243; _module_preset=&#8221;default&#8221; global_colors_info=&#8221;{}&#8221;][\/dsm_icon_list_child][\/dsm_icon_list][\/et_pb_column][\/et_pb_row][et_pb_row _builder_version=&#8221;4.27.4&#8243; _module_preset=&#8221;default&#8221; scroll_fade_enable=&#8221;on&#8221; scroll_fade=&#8221;15|50|50|100|0|100|100&#8243; scroll_scaling_enable=&#8221;on&#8221; scroll_scaling=&#8221;0|50|50|100|85%|100|100&#8243; global_colors_info=&#8221;{}&#8221;][et_pb_column type=&#8221;4_4&#8243; _builder_version=&#8221;4.27.4&#8243; _module_preset=&#8221;default&#8221; global_colors_info=&#8221;{}&#8221;][et_pb_text _builder_version=&#8221;4.27.6&#8243; _module_preset=&#8221;default&#8221; text_line_height=&#8221;140%&#8221; text_orientation=&#8221;center&#8221; max_width=&#8221;800px&#8221; max_width_tablet=&#8221;100%&#8221; max_width_phone=&#8221;100%&#8221; max_width_last_edited=&#8221;on|phone&#8221; module_alignment=&#8221;center&#8221; hover_enabled=&#8221;0&#8243; global_colors_info=&#8221;{}&#8221; sticky_enabled=&#8221;0&#8243; custom_css_free_form=&#8221;selector p {||  margin:20px 0px;||}||||selector ul li {||  margin:20px 40px;||}&#8221;]<\/p>\n<p class=\"p1\">Confidential. Direct. Without evasion.  <\/p>\n<p class=\"p1\">Most formats provide input. This format changes the person who decides. This format is for decision-makers who have understood that wrong decisions are more expensive than any investment in the next 12-24 months.  <\/p>\n<p class=\"p1\">AI will change your company. But leadership will determine whether you grow &#8211; or fail. <\/p>\n<p class=\"p1\">And that&#8217;s where the real work begins.<\/p>\n<p>[\/et_pb_text][et_pb_button button_url=&#8221;@ET-DC@eyJkeW5hbWljIjp0cnVlLCJjb250ZW50IjoicG9zdF9saW5rX3VybF9wYWdlIiwic2V0dGluZ3MiOnsicG9zdF9pZCI6IjIwIiwiZW5hYmxlX2h0bWwiOiJvZmYifX0=@&#8221; button_text=&#8221;Request a confidential CEO meeting&#8221; button_alignment=&#8221;center&#8221; _builder_version=&#8221;4.27.6&#8243; _dynamic_attributes=&#8221;button_url&#8221; _module_preset=&#8221;default&#8221; global_colors_info=&#8221;{}&#8221;][\/et_pb_button][\/et_pb_column][\/et_pb_row][\/et_pb_section]<\/p>\n","protected":false},"excerpt":{"rendered":"<p>CEO Private Retreat in South Africa8 CEOs. 3 days. Decisions you can&#8217;t delegate.CEO Private Retreat in South Africa8 CEOs. 3 days. Decisions you can&#8217;t delegate. This is not a feel-good retreat, coaching or a leadership program. It is a closed room for 8 CEOs who understand that the real transformation does not start in the company &#8211; but with themselves. Access is by invitation only or after a personal meeting. It is not open to the public. What is the core issue? You are faced with decisions that you cannot delegate: Which work is disappearing? What skills does your company really need? Who can support this change &#8211; and who can&#8217;t? And this is exactly where the truth lies: Your company will only develop as far as you yourself are able to gain clarity and make consistent decisions. 20-30% of your work disappears, up to 40% of skills lose value and speed determines market share. Most people know this. Very few act consistently. These 3 days are not about knowledge. It&#8217;s about the things you avoid in everyday life. 1 &#8211; Radical clarity What is really decisive &#8211; and what is no longer decisive? 2 &#8211; Leadership under pressure Making [&hellip;]<\/p>\n","protected":false},"author":6,"featured_media":0,"parent":0,"menu_order":0,"comment_status":"closed","ping_status":"closed","template":"","meta":{"_et_pb_use_builder":"on","_et_pb_old_content":"","_et_gb_content_width":"","inline_featured_image":false,"footnotes":""},"class_list":["post-4261","page","type-page","status-publish","hentry"],"yoast_head":"<!-- This site is optimized with the Yoast SEO plugin v27.3 - https:\/\/yoast.com\/product\/yoast-seo-wordpress\/ -->\n<title>CEO Private Retreat in South Africa - frankrechsteiner.de<\/title>\n<meta name=\"description\" content=\"An exclusive private retreat for 8 CEOs in South Africa: 3 days for clarity, leadership and decisions that cannot be delegated.\" \/>\n<meta name=\"robots\" content=\"index, follow, max-snippet:-1, max-image-preview:large, max-video-preview:-1\" \/>\n<link rel=\"canonical\" href=\"https:\/\/frankrechsteiner.de\/en\/mens-retreats\/\" \/>\n<meta property=\"og:locale\" content=\"en_US\" \/>\n<meta property=\"og:type\" content=\"article\" \/>\n<meta property=\"og:title\" content=\"CEO Private Retreat in South Africa - frankrechsteiner.de\" \/>\n<meta property=\"og:description\" content=\"An exclusive private retreat for 8 CEOs in South Africa: 3 days for clarity, leadership and decisions that cannot be delegated.\" \/>\n<meta property=\"og:url\" content=\"https:\/\/frankrechsteiner.de\/en\/mens-retreats\/\" \/>\n<meta property=\"og:site_name\" content=\"frankrechsteiner.de\" \/>\n<meta property=\"article:modified_time\" content=\"2026-04-01T18:32:38+00:00\" \/>\n<meta property=\"og:image\" content=\"https:\/\/frankrechsteiner.de\/wp-content\/uploads\/2025\/04\/Retreat-bg-1-552x506.webp\" \/>\n<meta name=\"twitter:card\" content=\"summary_large_image\" \/>\n<meta name=\"twitter:label1\" content=\"Est. reading time\" \/>\n\t<meta name=\"twitter:data1\" content=\"11 minutes\" \/>\n<script type=\"application\/ld+json\" class=\"yoast-schema-graph\">{\"@context\":\"https:\\\/\\\/schema.org\",\"@graph\":[{\"@type\":\"WebPage\",\"@id\":\"https:\\\/\\\/frankrechsteiner.de\\\/en\\\/mens-retreats\\\/\",\"url\":\"https:\\\/\\\/frankrechsteiner.de\\\/en\\\/mens-retreats\\\/\",\"name\":\"CEO Private Retreat in South Africa - frankrechsteiner.de\",\"isPartOf\":{\"@id\":\"https:\\\/\\\/frankrechsteiner.de\\\/en\\\/#website\"},\"datePublished\":\"2025-04-25T09:17:51+00:00\",\"dateModified\":\"2026-04-01T18:32:38+00:00\",\"description\":\"An exclusive private retreat for 8 CEOs in South Africa: 3 days for clarity, leadership and decisions that cannot be delegated.\",\"breadcrumb\":{\"@id\":\"https:\\\/\\\/frankrechsteiner.de\\\/en\\\/mens-retreats\\\/#breadcrumb\"},\"inLanguage\":\"en-US\",\"potentialAction\":[{\"@type\":\"ReadAction\",\"target\":[\"https:\\\/\\\/frankrechsteiner.de\\\/en\\\/mens-retreats\\\/\"]}]},{\"@type\":\"BreadcrumbList\",\"@id\":\"https:\\\/\\\/frankrechsteiner.de\\\/en\\\/mens-retreats\\\/#breadcrumb\",\"itemListElement\":[{\"@type\":\"ListItem\",\"position\":1,\"name\":\"Home\",\"item\":\"https:\\\/\\\/frankrechsteiner.de\\\/en\\\/home-3\\\/\"},{\"@type\":\"ListItem\",\"position\":2,\"name\":\"CEO Private Retreat in South Africa\"}]},{\"@type\":\"WebSite\",\"@id\":\"https:\\\/\\\/frankrechsteiner.de\\\/en\\\/#website\",\"url\":\"https:\\\/\\\/frankrechsteiner.de\\\/en\\\/\",\"name\":\"frankrechsteiner.de\",\"description\":\"Potenzialaktivierer f\u00fcr M\u00e4nner in F\u00fchrung und Unternehmen.\",\"potentialAction\":[{\"@type\":\"SearchAction\",\"target\":{\"@type\":\"EntryPoint\",\"urlTemplate\":\"https:\\\/\\\/frankrechsteiner.de\\\/en\\\/?s={search_term_string}\"},\"query-input\":{\"@type\":\"PropertyValueSpecification\",\"valueRequired\":true,\"valueName\":\"search_term_string\"}}],\"inLanguage\":\"en-US\"}]}<\/script>\n<!-- \/ Yoast SEO plugin. -->","yoast_head_json":{"title":"CEO Private Retreat in South Africa - frankrechsteiner.de","description":"An exclusive private retreat for 8 CEOs in South Africa: 3 days for clarity, leadership and decisions that cannot be delegated.","robots":{"index":"index","follow":"follow","max-snippet":"max-snippet:-1","max-image-preview":"max-image-preview:large","max-video-preview":"max-video-preview:-1"},"canonical":"https:\/\/frankrechsteiner.de\/en\/mens-retreats\/","og_locale":"en_US","og_type":"article","og_title":"CEO Private Retreat in South Africa - frankrechsteiner.de","og_description":"An exclusive private retreat for 8 CEOs in South Africa: 3 days for clarity, leadership and decisions that cannot be delegated.","og_url":"https:\/\/frankrechsteiner.de\/en\/mens-retreats\/","og_site_name":"frankrechsteiner.de","article_modified_time":"2026-04-01T18:32:38+00:00","og_image":[{"url":"https:\/\/frankrechsteiner.de\/wp-content\/uploads\/2025\/04\/Retreat-bg-1-552x506.webp","type":"","width":"","height":""}],"twitter_card":"summary_large_image","twitter_misc":{"Est. reading time":"11 minutes"},"schema":{"@context":"https:\/\/schema.org","@graph":[{"@type":"WebPage","@id":"https:\/\/frankrechsteiner.de\/en\/mens-retreats\/","url":"https:\/\/frankrechsteiner.de\/en\/mens-retreats\/","name":"CEO Private Retreat in South Africa - frankrechsteiner.de","isPartOf":{"@id":"https:\/\/frankrechsteiner.de\/en\/#website"},"datePublished":"2025-04-25T09:17:51+00:00","dateModified":"2026-04-01T18:32:38+00:00","description":"An exclusive private retreat for 8 CEOs in South Africa: 3 days for clarity, leadership and decisions that cannot be delegated.","breadcrumb":{"@id":"https:\/\/frankrechsteiner.de\/en\/mens-retreats\/#breadcrumb"},"inLanguage":"en-US","potentialAction":[{"@type":"ReadAction","target":["https:\/\/frankrechsteiner.de\/en\/mens-retreats\/"]}]},{"@type":"BreadcrumbList","@id":"https:\/\/frankrechsteiner.de\/en\/mens-retreats\/#breadcrumb","itemListElement":[{"@type":"ListItem","position":1,"name":"Home","item":"https:\/\/frankrechsteiner.de\/en\/home-3\/"},{"@type":"ListItem","position":2,"name":"CEO Private Retreat in South Africa"}]},{"@type":"WebSite","@id":"https:\/\/frankrechsteiner.de\/en\/#website","url":"https:\/\/frankrechsteiner.de\/en\/","name":"frankrechsteiner.de","description":"Potenzialaktivierer f\u00fcr M\u00e4nner in F\u00fchrung und Unternehmen.","potentialAction":[{"@type":"SearchAction","target":{"@type":"EntryPoint","urlTemplate":"https:\/\/frankrechsteiner.de\/en\/?s={search_term_string}"},"query-input":{"@type":"PropertyValueSpecification","valueRequired":true,"valueName":"search_term_string"}}],"inLanguage":"en-US"}]}},"_links":{"self":[{"href":"https:\/\/frankrechsteiner.de\/en\/wp-json\/wp\/v2\/pages\/4261","targetHints":{"allow":["GET"]}}],"collection":[{"href":"https:\/\/frankrechsteiner.de\/en\/wp-json\/wp\/v2\/pages"}],"about":[{"href":"https:\/\/frankrechsteiner.de\/en\/wp-json\/wp\/v2\/types\/page"}],"author":[{"embeddable":true,"href":"https:\/\/frankrechsteiner.de\/en\/wp-json\/wp\/v2\/users\/6"}],"replies":[{"embeddable":true,"href":"https:\/\/frankrechsteiner.de\/en\/wp-json\/wp\/v2\/comments?post=4261"}],"version-history":[{"count":10,"href":"https:\/\/frankrechsteiner.de\/en\/wp-json\/wp\/v2\/pages\/4261\/revisions"}],"predecessor-version":[{"id":5536,"href":"https:\/\/frankrechsteiner.de\/en\/wp-json\/wp\/v2\/pages\/4261\/revisions\/5536"}],"wp:attachment":[{"href":"https:\/\/frankrechsteiner.de\/en\/wp-json\/wp\/v2\/media?parent=4261"}],"curies":[{"name":"wp","href":"https:\/\/api.w.org\/{rel}","templated":true}]}}